{"id":1586,"date":"2021-02-22T18:53:37","date_gmt":"2021-02-22T18:53:37","guid":{"rendered":"https:\/\/vanengelandt.com\/dry-aged\/in-de-rijpingskast\/"},"modified":"2024-06-28T09:57:03","modified_gmt":"2024-06-28T09:57:03","slug":"au-frigo-de-maturation","status":"publish","type":"page","link":"https:\/\/vanengelandt.com\/fr\/nos-viandes\/dry-aged\/au-frigo-de-maturation\/","title":{"rendered":"Au frigo de maturation"},"content":{"rendered":"<section class=\"l-section wpb_row fullsizeheader height_medium full_height valign_center\" id=\"aligntopmobile\"><div class=\"l-section-h i-cf\"><div class=\"g-cols vc_row via_flex valign_middle type_default stacking_default\"><div class=\"vc_col-sm-3 wpb_column vc_column_container imgleft has_bg_color stretched\"><div class=\"vc_column-inner us_custom_8f5b8315\"><div class=\"wpb_wrapper\"><\/div><\/div><\/div><div class=\"vc_col-sm-2 wpb_column vc_column_container\"><div class=\"vc_column-inner\"><div class=\"wpb_wrapper\"><\/div><\/div><\/div><div class=\"vc_col-sm-7 wpb_column vc_column_container\"><div class=\"vc_column-inner\"><div class=\"wpb_wrapper\"><div class=\"wpb_text_column us_custom_98e5bc1c producttitel has_text_color\"><div class=\"wpb_wrapper\"><h1>Au frigo de maturation<\/h1>\n<\/div><\/div><div class=\"wpb_text_column light\"><div class=\"wpb_wrapper\"><h3>Il y a aussi un <strong>frigo de maturation<\/strong> dans notre magasin dans lequel nous offrons du boeuf m\u00fbri. Commandez votre viande au frigo de maturation <a href=\"https:\/\/vanengelandt.com\/fr\/contact\/\">ici<\/a>.<\/h3>\n<\/div><\/div><div class=\"w-separator size_small\"><\/div><div class=\"w-btn-wrapper align_none\"><a class=\"w-btn us-btn-style_1 medium icon_atright\" href=\"#cuts\"><span class=\"w-btn-label\">Nos coupes<\/span><i class=\"fas fa-square-full\"><\/i><\/a><\/div><div class=\"w-btn-wrapper align_none\"><a class=\"w-btn us-btn-style_1 medium icon_atright\" title=\"Contact\" href=\"http:\/\/vanengelandt.com\/fr\/contact\/\"><span class=\"w-btn-label\">Commandez maintenant<\/span><i class=\"fas fa-square-full\"><\/i><\/a><\/div><\/div><\/div><\/div><\/div><\/div><\/section><section class=\"l-section wpb_row rightgrey kenmerken height_auto\" id=\"cuts\"><div class=\"l-section-h i-cf\"><div class=\"g-cols vc_row via_flex valign_top type_default stacking_default\"><div class=\"vc_col-sm-2 wpb_column vc_column_container\"><div class=\"vc_column-inner\"><div class=\"vc_column-overlay\" style=\"background:#EDEDED\"><\/div><div class=\"wpb_wrapper\"><\/div><\/div><\/div><div class=\"vc_col-sm-10 wpb_column vc_column_container pad1\"><div class=\"vc_column-inner\"><div class=\"vc_column-overlay\" style=\"background:#EDEDED\"><\/div><div class=\"wpb_wrapper\"><div class=\"g-cols wpb_row nopad via_flex valign_top type_default stacking_default\" style=\"--additional-gap:25px;\"><div class=\"vc_col-sm-4 wpb_column vc_column_container\"><div class=\"vc_column-inner\"><div class=\"wpb_wrapper\"><div class=\"wpb_text_column us_custom_492179a4 medium predots\"><div class=\"wpb_wrapper\"><p>Simmenthal 5 co\u0302tes a\/o dry<\/p>\n<\/div><\/div><div class=\"wpb_text_column light cut\"><div class=\"wpb_wrapper\"><p>N\u00b0 d\u2019article\u00a026811<\/p>\n<\/div><\/div><\/div><\/div><\/div><div class=\"vc_col-sm-4 wpb_column vc_column_container nopad\"><div class=\"vc_column-inner\"><div class=\"wpb_wrapper\"><div class=\"wpb_text_column us_custom_492179a4 medium predots\"><div class=\"wpb_wrapper\"><p>6 co\u0302tes BBB dry aged<\/p>\n<\/div><\/div><div class=\"wpb_text_column light cut\"><div class=\"wpb_wrapper\"><p>N\u00b0 d\u2019article\u00a04181<\/p>\n<\/div><\/div><\/div><\/div><\/div><div class=\"vc_col-sm-4 wpb_column vc_column_container\"><div class=\"vc_column-inner\"><div class=\"wpb_wrapper\"><div class=\"wpb_text_column us_custom_492179a4 medium predots\"><div class=\"wpb_wrapper\"><p>Contrefilet a\/os Rubia dry<\/p>\n<\/div><\/div><div class=\"wpb_text_column light cut\"><div class=\"wpb_wrapper\"><p>N\u00b0 d\u2019article\u00a028812<\/p>\n<\/div><\/div><\/div><\/div><\/div><div class=\"vc_col-sm-4 wpb_column vc_column_container\"><div class=\"vc_column-inner\"><div class=\"wpb_wrapper\"><div class=\"wpb_text_column us_custom_492179a4 medium predots\"><div class=\"wpb_wrapper\"><p>Co\u0302te a\u0300 l&rsquo;os Rubia D\/A<\/p>\n<\/div><\/div><div class=\"wpb_text_column light cut\"><div class=\"wpb_wrapper\"><p>N\u00b0 d\u2019article\u00a0128812<\/p>\n<\/div><\/div><\/div><\/div><\/div><div class=\"vc_col-sm-4 wpb_column vc_column_container\"><div class=\"vc_column-inner\"><div class=\"wpb_wrapper\"><div class=\"wpb_text_column us_custom_492179a4 medium predots\"><div class=\"wpb_wrapper\"><p>Co\u0302te a\u0300 l&rsquo;os Simmenthal dry<\/p>\n<\/div><\/div><div class=\"wpb_text_column light cut\"><div class=\"wpb_wrapper\"><p>N\u00b0 d\u2019article\u00a0126811<\/p>\n<\/div><\/div><\/div><\/div><\/div><div class=\"vc_col-sm-4 wpb_column vc_column_container\"><div class=\"vc_column-inner\"><div class=\"wpb_wrapper\"><div class=\"wpb_text_column us_custom_492179a4 medium predots\"><div class=\"wpb_wrapper\"><p>Co\u0302te a\u0300 l&rsquo;os Holstein D\/A<\/p>\n<\/div><\/div><div class=\"wpb_text_column light cut\"><div class=\"wpb_wrapper\"><p>N\u00b0 d\u2019article\u00a012991<\/p>\n<\/div><\/div><\/div><\/div><\/div><div class=\"vc_col-sm-4 wpb_column vc_column_container\"><div class=\"vc_column-inner\"><div class=\"wpb_wrapper\"><div class=\"wpb_text_column us_custom_492179a4 medium predots\"><div class=\"wpb_wrapper\"><p>Co\u0302te a\u0300 l&rsquo;os BBB dry aged<\/p>\n<\/div><\/div><div class=\"wpb_text_column light cut\"><div class=\"wpb_wrapper\"><p>N\u00b0 d\u2019article\u00a014181<\/p>\n<\/div><\/div><\/div><\/div><\/div><\/div><\/div><\/div><\/div><\/div><\/div><\/section><section class=\"l-section wpb_row height_auto\"><div class=\"l-section-h i-cf\"><div class=\"g-cols vc_row via_flex valign_top type_default stacking_default\"><div class=\"vc_col-sm-12 wpb_column vc_column_container\"><div class=\"vc_column-inner\"><div class=\"wpb_wrapper\"><section class=\"l-section wpb_row height_large\"><div class=\"l-section-h i-cf\"><div class=\"g-cols vc_row via_flex valign_top type_default stacking_default\"><div class=\"vc_col-sm-3 wpb_column vc_column_container\"><div class=\"vc_column-inner\"><div class=\"wpb_wrapper\"><div class=\"wpb_text_column medium predots\"><div class=\"wpb_wrapper\"><p>VASTE ASSORTIMENT<\/p>\n<\/div><\/div><div class=\"wpb_text_column light\"><div class=\"wpb_wrapper\"><p>Produits internationaux soigneusement s\u00e9lectionn\u00e9s<\/p>\n<\/div><\/div><\/div><\/div><\/div><div class=\"vc_col-sm-3 wpb_column vc_column_container\"><div class=\"vc_column-inner\"><div class=\"wpb_wrapper\"><div class=\"wpb_text_column medium predots\"><div class=\"wpb_wrapper\"><p>LONGUE EXP\u00c9RIENCE<\/p>\n<\/div><\/div><div class=\"wpb_text_column light\"><div class=\"wpb_wrapper\"><p>Des d\u00e9coupes parfaites par les meilleurs chefs dans une entreprise familiale riche d\u2019une grande exp\u00e9rience<\/p>\n<\/div><\/div><\/div><\/div><\/div><div class=\"vc_col-sm-3 wpb_column vc_column_container\"><div class=\"vc_column-inner\"><div class=\"wpb_wrapper\"><div class=\"wpb_text_column medium predots\"><div class=\"wpb_wrapper\"><p>QUALIT\u00c9 ARTISANALE<\/p>\n<\/div><\/div><div class=\"wpb_text_column light\"><div class=\"wpb_wrapper\"><p>Certificats, partenaires et machines de pointe<\/p>\n<\/div><\/div><\/div><\/div><\/div><\/div><\/div><\/section>\n<\/div><\/div><\/div><\/div><\/div><\/section><section class=\"l-section wpb_row height_huge\"><div class=\"l-section-overlay\" style=\"background:#F0B747\"><\/div><div class=\"l-section-h i-cf\"><div class=\"g-cols vc_row via_flex valign_top type_default stacking_default\"><div class=\"vc_col-sm-12 wpb_column vc_column_container\"><div class=\"vc_column-inner\"><div class=\"wpb_wrapper\"><div class=\"g-cols wpb_row via_flex valign_top type_default stacking_default\" style=\"--additional-gap:1.5rem;\"><div class=\"vc_col-sm-6 vc_hidden-xs wpb_column vc_column_container\"><div class=\"vc_column-inner\"><div class=\"wpb_wrapper\"><div class=\"w-image has_ratio align_center\"><div class=\"w-image-h\"><div style=\"padding-bottom:146.9697%\"><\/div><img decoding=\"async\" width=\"1024\" height=\"682\" src=\"https:\/\/vanengelandt.com\/wp-content\/uploads\/2024\/06\/cover-ambachtelijk-vlees-gekoeld-van-engelandt-1024x682.jpg\" class=\"attachment-large size-large\" alt=\"ambachtelijk gekoeld, dry aged en diepvries vlees van groothandel van engelandt\" loading=\"lazy\" \/><\/div><\/div><\/div><\/div><\/div><div class=\"vc_col-sm-6 wpb_column vc_column_container\"><div class=\"vc_column-inner\"><div class=\"wpb_wrapper\"><div class=\"w-image rightpicup has_ratio align_center\"><div class=\"w-image-h\"><div style=\"padding-bottom:146.9697%\"><\/div><img decoding=\"async\" width=\"682\" height=\"1024\" src=\"https:\/\/vanengelandt.com\/wp-content\/uploads\/2024\/06\/dry-aging-van-engelandt-682x1024.jpg\" class=\"attachment-large size-large\" alt=\"Diepvries vlees van groothandel van Engelandt\" loading=\"lazy\" \/><\/div><\/div><div class=\"w-separator size_medium\"><\/div><\/div><\/div><\/div><\/div><\/div><\/div><\/div><\/div><\/div><\/section><section class=\"l-section wpb_row height_auto\"><div class=\"l-section-h i-cf\"><div class=\"g-cols vc_row via_flex valign_top type_default stacking_default\"><div class=\"vc_col-sm-12 wpb_column vc_column_container\"><div class=\"vc_column-inner\"><div class=\"wpb_wrapper\"><section class=\"l-section wpb_row height_huge\"><div class=\"l-section-h i-cf\"><div class=\"g-cols vc_row via_flex valign_top type_default stacking_default\"><div class=\"vc_col-sm-2 wpb_column vc_column_container\"><div class=\"vc_column-inner\"><div class=\"wpb_wrapper\"><\/div><\/div><\/div><div class=\"vc_col-sm-10 wpb_column vc_column_container stretched\"><div class=\"vc_column-inner\"><div class=\"wpb_wrapper\"><div class=\"wpb_text_column\"><div class=\"wpb_wrapper\"><h4>De la viande fra\u00eeche pour<br \/>\nles supermarch\u00e9s et le secteur horeca<\/h4>\n<\/div><\/div><div class=\"g-cols wpb_row via_flex valign_top type_boxes stacking_default\"><div class=\"vc_col-sm-4 wpb_column vc_column_container has-link\"><div class=\"vc_column-inner\"><div class=\"wpb_wrapper\"><div class=\"wpb_text_column medium predots\"><div class=\"wpb_wrapper\"><p>SUPERMARCH\u00c9<\/p>\n<\/div><\/div><div class=\"wpb_text_column light\"><div class=\"wpb_wrapper\"><p>Offrez \u00e0 vos clients une large gamme de produits frais et de qualit\u00e9 qui leur donneront enti\u00e8re satisfaction.<\/p>\n<\/div><\/div><\/div><\/div><a title=\"Supermarkten\" href=\"http:\/\/vanengelandt.com\/fr\/supermarches\/\" class=\"vc_column-link smooth-scroll\"><\/a><\/div><div class=\"vc_col-sm-4 wpb_column vc_column_container has-link\"><div class=\"vc_column-inner\"><div class=\"wpb_wrapper\"><div class=\"wpb_text_column medium predots\"><div class=\"wpb_wrapper\"><p>PARTICULIERS<\/p>\n<\/div><\/div><div class=\"wpb_text_column light\"><div class=\"wpb_wrapper\"><p>Vous voulez proposer un d\u00e9licieux repas \u00e0 vos invit\u00e9s\u202f? Choisissez de la viande de la meilleure qualit\u00e9 et surprenez vos invit\u00e9s.<\/p>\n<\/div><\/div><\/div><\/div><a title=\"Groothandel\" href=\"http:\/\/vanengelandt.com\/fr\/particuliers\/\" class=\"vc_column-link smooth-scroll\"><\/a><\/div><div class=\"vc_col-sm-4 wpb_column vc_column_container has-link\"><div class=\"vc_column-inner\"><div class=\"wpb_wrapper\"><div class=\"wpb_text_column medium predots\"><div class=\"wpb_wrapper\"><p>BOUCHERIE<\/p>\n<\/div><\/div><div class=\"wpb_text_column light\"><div class=\"wpb_wrapper\"><p>Permettez \u00e0 vos clients de profiter au mieux de leurs cong\u00e9s ou de la saison des barbecues en d\u00e9gustant la viande Van Engelandt.<\/p>\n<\/div><\/div><\/div><\/div><a title=\"Slagers\" href=\"http:\/\/vanengelandt.com\/fr\/boucherie\/\" class=\"vc_column-link smooth-scroll\"><\/a><\/div><div class=\"vc_col-sm-4 wpb_column vc_column_container has-link\"><div class=\"vc_column-inner\"><div class=\"wpb_wrapper\"><div class=\"wpb_text_column medium predots\"><div class=\"wpb_wrapper\"><p>HORECA<\/p>\n<\/div><\/div><div class=\"wpb_text_column light\"><div class=\"wpb_wrapper\"><p>Pour une agr\u00e9able soir\u00e9e entre amis et en famille, proposez un beau morceau de viande qui fond en bouche.<\/p>\n<\/div><\/div><\/div><\/div><a title=\"Horeca\" href=\"http:\/\/vanengelandt.com\/fr\/horeca\/\" class=\"vc_column-link smooth-scroll\"><\/a><\/div><div class=\"vc_col-sm-4 wpb_column vc_column_container\"><div class=\"vc_column-inner\"><div class=\"wpb_wrapper\"><\/div><\/div><\/div><div class=\"vc_col-sm-4 wpb_column vc_column_container\"><div class=\"vc_column-inner\"><div class=\"wpb_wrapper\"><\/div><\/div><\/div><\/div><\/div><\/div><\/div><\/div><\/div><\/section>\n<\/div><\/div><\/div><\/div><\/div><\/section><section class=\"l-section wpb_row height_auto\"><div class=\"l-section-h i-cf\"><div class=\"g-cols vc_row via_flex valign_top type_default stacking_default\"><div class=\"vc_col-sm-1 wpb_column vc_column_container\"><div class=\"vc_column-inner\"><div class=\"vc_column-overlay\" style=\"background:#F0B747\"><\/div><div class=\"wpb_wrapper\"><\/div><\/div><\/div><div class=\"vc_col-sm-10 wpb_column vc_column_container pad1\"><div class=\"vc_column-inner\"><div class=\"vc_column-overlay\" style=\"background:#F0B747\"><\/div><div class=\"wpb_wrapper\"><div class=\"wpb_text_column us_custom_6df4bc3a has_text_color\"><div class=\"wpb_wrapper\"><h4>Lorsque le prix et la qualit\u00e9 sont importants, et que seul le meilleur est suffisant.<\/h4>\n<\/div><\/div><\/div><\/div><\/div><div class=\"vc_col-sm-1 wpb_column vc_column_container stretched\"><div class=\"vc_column-inner\"><div class=\"vc_column-overlay\" style=\"background:#F0B747\"><\/div><div class=\"wpb_wrapper\"><\/div><\/div><\/div><\/div><\/div><\/section>\n\n","protected":false},"excerpt":{"rendered":"Au frigo de maturation Il y a aussi un frigo de maturation dans notre magasin dans lequel nous offrons du boeuf m\u00fbri. Commandez votre viande au frigo de maturation ici. Nos coupesCommandez maintenantSimmenthal 5 co\u0302tes a\/o dry N\u00b0 d\u2019article\u00a026811 6 co\u0302tes BBB dry aged N\u00b0 d\u2019article\u00a04181 Contrefilet a\/os Rubia dry N\u00b0 d\u2019article\u00a028812 Co\u0302te a\u0300 l&rsquo;os...","protected":false},"author":1,"featured_media":593,"parent":1577,"menu_order":1,"comment_status":"closed","ping_status":"closed","template":"","meta":{"_acf_changed":false,"footnotes":""},"categories":[48,45],"tags":[],"class_list":["post-1586","page","type-page","status-publish","has-post-thumbnail","hentry","category-dry-aged-fr","category-onze-vleessoorten-fr"],"acf":[],"yoast_head":"<!-- This site is optimized with the Yoast SEO plugin v25.3.1 - https:\/\/yoast.com\/wordpress\/plugins\/seo\/ -->\n<title>Boeuf au frigo de maturation | Van Engelandt Boucherie \u00e0 Anderlecht<\/title>\n<meta name=\"description\" content=\"Van Engelandt \u00e0 Anderlecht est votre partenaire pour le boeuf au frigo de maturation. Contactez nous ou passez votre commande en ligne\" \/>\n<meta name=\"robots\" content=\"index, follow, max-snippet:-1, max-image-preview:large, max-video-preview:-1\" \/>\n<link rel=\"canonical\" href=\"https:\/\/vanengelandt.com\/fr\/nos-viandes\/dry-aged\/au-frigo-de-maturation\/\" \/>\n<meta property=\"og:locale\" content=\"fr_FR\" \/>\n<meta property=\"og:type\" content=\"article\" \/>\n<meta property=\"og:title\" content=\"Boeuf au frigo de maturation | Van Engelandt Boucherie \u00e0 Anderlecht\" \/>\n<meta property=\"og:description\" content=\"Van Engelandt \u00e0 Anderlecht est votre partenaire pour le boeuf au frigo de maturation. Contactez nous ou passez votre commande en ligne\" \/>\n<meta property=\"og:url\" content=\"https:\/\/vanengelandt.com\/fr\/nos-viandes\/dry-aged\/au-frigo-de-maturation\/\" \/>\n<meta property=\"og:site_name\" content=\"Van Engelandt\" \/>\n<meta property=\"article:modified_time\" content=\"2024-06-28T09:57:03+00:00\" \/>\n<meta property=\"og:image\" content=\"https:\/\/vanengelandt.com\/wp-content\/uploads\/2021\/02\/DryAged-Productshot.jpg\" \/>\n\t<meta property=\"og:image:width\" content=\"2000\" \/>\n\t<meta property=\"og:image:height\" content=\"1333\" \/>\n\t<meta property=\"og:image:type\" content=\"image\/jpeg\" \/>\n<meta name=\"twitter:card\" content=\"summary_large_image\" \/>\n<meta name=\"twitter:label1\" content=\"Dur\u00e9e de lecture est.\" \/>\n\t<meta name=\"twitter:data1\" content=\"2 minutes\" \/>\n<script type=\"application\/ld+json\" class=\"yoast-schema-graph\">{\"@context\":\"https:\/\/schema.org\",\"@graph\":[{\"@type\":\"WebPage\",\"@id\":\"https:\/\/vanengelandt.com\/fr\/nos-viandes\/dry-aged\/au-frigo-de-maturation\/\",\"url\":\"https:\/\/vanengelandt.com\/fr\/nos-viandes\/dry-aged\/au-frigo-de-maturation\/\",\"name\":\"Boeuf au frigo de maturation | Van Engelandt Boucherie \u00e0 Anderlecht\",\"isPartOf\":{\"@id\":\"https:\/\/vanengelandt.com\/fr\/#website\"},\"primaryImageOfPage\":{\"@id\":\"https:\/\/vanengelandt.com\/fr\/nos-viandes\/dry-aged\/au-frigo-de-maturation\/#primaryimage\"},\"image\":{\"@id\":\"https:\/\/vanengelandt.com\/fr\/nos-viandes\/dry-aged\/au-frigo-de-maturation\/#primaryimage\"},\"thumbnailUrl\":\"https:\/\/vanengelandt.com\/wp-content\/uploads\/2021\/02\/DryAged-Productshot.jpg\",\"datePublished\":\"2021-02-22T18:53:37+00:00\",\"dateModified\":\"2024-06-28T09:57:03+00:00\",\"description\":\"Van Engelandt \u00e0 Anderlecht est votre partenaire pour le boeuf au frigo de maturation. Contactez nous ou passez votre commande en ligne\",\"breadcrumb\":{\"@id\":\"https:\/\/vanengelandt.com\/fr\/nos-viandes\/dry-aged\/au-frigo-de-maturation\/#breadcrumb\"},\"inLanguage\":\"fr-BE\",\"potentialAction\":[{\"@type\":\"ReadAction\",\"target\":[\"https:\/\/vanengelandt.com\/fr\/nos-viandes\/dry-aged\/au-frigo-de-maturation\/\"]}]},{\"@type\":\"ImageObject\",\"inLanguage\":\"fr-BE\",\"@id\":\"https:\/\/vanengelandt.com\/fr\/nos-viandes\/dry-aged\/au-frigo-de-maturation\/#primaryimage\",\"url\":\"https:\/\/vanengelandt.com\/wp-content\/uploads\/2021\/02\/DryAged-Productshot.jpg\",\"contentUrl\":\"https:\/\/vanengelandt.com\/wp-content\/uploads\/2021\/02\/DryAged-Productshot.jpg\",\"width\":2000,\"height\":1333,\"caption\":\"Dry aged beef steak t-bone on black slate background. Top view.\"},{\"@type\":\"BreadcrumbList\",\"@id\":\"https:\/\/vanengelandt.com\/fr\/nos-viandes\/dry-aged\/au-frigo-de-maturation\/#breadcrumb\",\"itemListElement\":[{\"@type\":\"ListItem\",\"position\":1,\"name\":\"Home\",\"item\":\"https:\/\/vanengelandt.com\/fr\/\"},{\"@type\":\"ListItem\",\"position\":2,\"name\":\"Nos viandes\",\"item\":\"https:\/\/vanengelandt.com\/fr\/nos-viandes\/\"},{\"@type\":\"ListItem\",\"position\":3,\"name\":\"Dry Aged\",\"item\":\"https:\/\/vanengelandt.com\/fr\/nos-viandes\/dry-aged\/\"},{\"@type\":\"ListItem\",\"position\":4,\"name\":\"Au frigo de maturation\"}]},{\"@type\":\"WebSite\",\"@id\":\"https:\/\/vanengelandt.com\/fr\/#website\",\"url\":\"https:\/\/vanengelandt.com\/fr\/\",\"name\":\"Van Engelandt\",\"description\":\"\",\"potentialAction\":[{\"@type\":\"SearchAction\",\"target\":{\"@type\":\"EntryPoint\",\"urlTemplate\":\"https:\/\/vanengelandt.com\/fr\/?s={search_term_string}\"},\"query-input\":{\"@type\":\"PropertyValueSpecification\",\"valueRequired\":true,\"valueName\":\"search_term_string\"}}],\"inLanguage\":\"fr-BE\"}]}<\/script>\n<!-- \/ Yoast SEO plugin. -->","yoast_head_json":{"title":"Boeuf au frigo de maturation | Van Engelandt Boucherie \u00e0 Anderlecht","description":"Van Engelandt \u00e0 Anderlecht est votre partenaire pour le boeuf au frigo de maturation. Contactez nous ou passez votre commande en ligne","robots":{"index":"index","follow":"follow","max-snippet":"max-snippet:-1","max-image-preview":"max-image-preview:large","max-video-preview":"max-video-preview:-1"},"canonical":"https:\/\/vanengelandt.com\/fr\/nos-viandes\/dry-aged\/au-frigo-de-maturation\/","og_locale":"fr_FR","og_type":"article","og_title":"Boeuf au frigo de maturation | Van Engelandt Boucherie \u00e0 Anderlecht","og_description":"Van Engelandt \u00e0 Anderlecht est votre partenaire pour le boeuf au frigo de maturation. Contactez nous ou passez votre commande en ligne","og_url":"https:\/\/vanengelandt.com\/fr\/nos-viandes\/dry-aged\/au-frigo-de-maturation\/","og_site_name":"Van Engelandt","article_modified_time":"2024-06-28T09:57:03+00:00","og_image":[{"width":2000,"height":1333,"url":"https:\/\/vanengelandt.com\/wp-content\/uploads\/2021\/02\/DryAged-Productshot.jpg","type":"image\/jpeg"}],"twitter_card":"summary_large_image","twitter_misc":{"Dur\u00e9e de lecture est.":"2 minutes"},"schema":{"@context":"https:\/\/schema.org","@graph":[{"@type":"WebPage","@id":"https:\/\/vanengelandt.com\/fr\/nos-viandes\/dry-aged\/au-frigo-de-maturation\/","url":"https:\/\/vanengelandt.com\/fr\/nos-viandes\/dry-aged\/au-frigo-de-maturation\/","name":"Boeuf au frigo de maturation | Van Engelandt Boucherie \u00e0 Anderlecht","isPartOf":{"@id":"https:\/\/vanengelandt.com\/fr\/#website"},"primaryImageOfPage":{"@id":"https:\/\/vanengelandt.com\/fr\/nos-viandes\/dry-aged\/au-frigo-de-maturation\/#primaryimage"},"image":{"@id":"https:\/\/vanengelandt.com\/fr\/nos-viandes\/dry-aged\/au-frigo-de-maturation\/#primaryimage"},"thumbnailUrl":"https:\/\/vanengelandt.com\/wp-content\/uploads\/2021\/02\/DryAged-Productshot.jpg","datePublished":"2021-02-22T18:53:37+00:00","dateModified":"2024-06-28T09:57:03+00:00","description":"Van Engelandt \u00e0 Anderlecht est votre partenaire pour le boeuf au frigo de maturation. Contactez nous ou passez votre commande en ligne","breadcrumb":{"@id":"https:\/\/vanengelandt.com\/fr\/nos-viandes\/dry-aged\/au-frigo-de-maturation\/#breadcrumb"},"inLanguage":"fr-BE","potentialAction":[{"@type":"ReadAction","target":["https:\/\/vanengelandt.com\/fr\/nos-viandes\/dry-aged\/au-frigo-de-maturation\/"]}]},{"@type":"ImageObject","inLanguage":"fr-BE","@id":"https:\/\/vanengelandt.com\/fr\/nos-viandes\/dry-aged\/au-frigo-de-maturation\/#primaryimage","url":"https:\/\/vanengelandt.com\/wp-content\/uploads\/2021\/02\/DryAged-Productshot.jpg","contentUrl":"https:\/\/vanengelandt.com\/wp-content\/uploads\/2021\/02\/DryAged-Productshot.jpg","width":2000,"height":1333,"caption":"Dry aged beef steak t-bone on black slate background. Top view."},{"@type":"BreadcrumbList","@id":"https:\/\/vanengelandt.com\/fr\/nos-viandes\/dry-aged\/au-frigo-de-maturation\/#breadcrumb","itemListElement":[{"@type":"ListItem","position":1,"name":"Home","item":"https:\/\/vanengelandt.com\/fr\/"},{"@type":"ListItem","position":2,"name":"Nos viandes","item":"https:\/\/vanengelandt.com\/fr\/nos-viandes\/"},{"@type":"ListItem","position":3,"name":"Dry Aged","item":"https:\/\/vanengelandt.com\/fr\/nos-viandes\/dry-aged\/"},{"@type":"ListItem","position":4,"name":"Au frigo de maturation"}]},{"@type":"WebSite","@id":"https:\/\/vanengelandt.com\/fr\/#website","url":"https:\/\/vanengelandt.com\/fr\/","name":"Van Engelandt","description":"","potentialAction":[{"@type":"SearchAction","target":{"@type":"EntryPoint","urlTemplate":"https:\/\/vanengelandt.com\/fr\/?s={search_term_string}"},"query-input":{"@type":"PropertyValueSpecification","valueRequired":true,"valueName":"search_term_string"}}],"inLanguage":"fr-BE"}]}},"_links":{"self":[{"href":"https:\/\/vanengelandt.com\/fr\/wp-json\/wp\/v2\/pages\/1586","targetHints":{"allow":["GET"]}}],"collection":[{"href":"https:\/\/vanengelandt.com\/fr\/wp-json\/wp\/v2\/pages"}],"about":[{"href":"https:\/\/vanengelandt.com\/fr\/wp-json\/wp\/v2\/types\/page"}],"author":[{"embeddable":true,"href":"https:\/\/vanengelandt.com\/fr\/wp-json\/wp\/v2\/users\/1"}],"replies":[{"embeddable":true,"href":"https:\/\/vanengelandt.com\/fr\/wp-json\/wp\/v2\/comments?post=1586"}],"version-history":[{"count":8,"href":"https:\/\/vanengelandt.com\/fr\/wp-json\/wp\/v2\/pages\/1586\/revisions"}],"predecessor-version":[{"id":1588,"href":"https:\/\/vanengelandt.com\/fr\/wp-json\/wp\/v2\/pages\/1586\/revisions\/1588"}],"up":[{"embeddable":true,"href":"https:\/\/vanengelandt.com\/fr\/wp-json\/wp\/v2\/pages\/1577"}],"wp:featuredmedia":[{"embeddable":true,"href":"https:\/\/vanengelandt.com\/fr\/wp-json\/wp\/v2\/media\/593"}],"wp:attachment":[{"href":"https:\/\/vanengelandt.com\/fr\/wp-json\/wp\/v2\/media?parent=1586"}],"wp:term":[{"taxonomy":"category","embeddable":true,"href":"https:\/\/vanengelandt.com\/fr\/wp-json\/wp\/v2\/categories?post=1586"},{"taxonomy":"post_tag","embeddable":true,"href":"https:\/\/vanengelandt.com\/fr\/wp-json\/wp\/v2\/tags?post=1586"}],"curies":[{"name":"wp","href":"https:\/\/api.w.org\/{rel}","templated":true}]}}