{"id":1450,"date":"2021-02-16T12:03:02","date_gmt":"2021-02-16T12:03:38","guid":{"rendered":"https:\/\/vanengelandt.com\/pyrenees-melklam-spanje\/"},"modified":"2026-09-01T12:48:17","modified_gmt":"2026-09-01T12:48:17","slug":"agneau-de-lait-espagne","status":"publish","type":"page","link":"https:\/\/vanengelandt.com\/fr\/nos-viandes\/viande-dagneau\/agneau-de-lait-espagne\/","title":{"rendered":"Race laiti\u00e8re des Pyr\u00e9n\u00e9es, Espagne"},"content":{"rendered":"<section class=\"l-section wpb_row fullsizeheader height_medium full_height valign_center\" id=\"aligntopmobile\"><div class=\"l-section-h i-cf\"><div class=\"g-cols vc_row via_flex valign_middle type_default stacking_default\"><div class=\"vc_col-sm-3 wpb_column vc_column_container imgleft has_bg_color stretched\"><div class=\"vc_column-inner us_custom_1d0b5911\"><div class=\"wpb_wrapper\"><\/div><\/div><\/div><div class=\"vc_col-sm-2 wpb_column vc_column_container\"><div class=\"vc_column-inner\"><div class=\"wpb_wrapper\"><\/div><\/div><\/div><div class=\"vc_col-sm-7 wpb_column vc_column_container\"><div class=\"vc_column-inner\"><div class=\"wpb_wrapper\"><div class=\"wpb_text_column us_custom_98e5bc1c producttitel has_text_color\"><div class=\"wpb_wrapper\"><h1>Race laiti\u00e8re des Pyr\u00e9n\u00e9es, Espagne<\/h1>\n<\/div><\/div><div class=\"wpb_text_column us_custom_f029a2ba medium\"><div class=\"wpb_wrapper\"><h2>Agnei Ib\u00e9rico. Un nom synonyme d&rsquo;un savoir-faire s\u00e9culaire et d&rsquo;une saveur exceptionnelle. <\/h2>\n<\/div><\/div><div class=\"wpb_text_column light\"><div class=\"wpb_wrapper\"><p>Cette viande d&rsquo;agneau provient d&rsquo;un mouton de race pure et sp\u00e9cialement s\u00e9lectionn\u00e9 des Pyr\u00e9n\u00e9es, appel\u00e9 \u00ab Rasa Aragonesa \u00bb. La viande de cet animal porte le nom d&rsquo;\u00ab Ib\u00e9rico \u00bb, en r\u00e9f\u00e9rence aux m\u00eames qualit\u00e9s exceptionnelles que la c\u00e9l\u00e8bre viande ib\u00e9rique.<\/p>\n<\/div><\/div><div class=\"w-separator size_small\"><\/div><div class=\"w-btn-wrapper align_none\"><a class=\"w-btn us-btn-style_1 medium icon_atright\" href=\"#cuts\"><span class=\"w-btn-label\">Nos d\u00e9coupes<\/span><i class=\"fas fa-square-full\"><\/i><\/a><\/div><div class=\"w-btn-wrapper align_none\"><a class=\"w-btn us-btn-style_1 medium icon_atright\" title=\"Contact\" href=\"https:\/\/vanengelandt.com\/fr\/contact\/\"><span class=\"w-btn-label\">Commandez en ligne<\/span><i class=\"fas fa-square-full\"><\/i><\/a><\/div><\/div><\/div><\/div><\/div><\/div><\/section><section class=\"l-section wpb_row rightgrey kenmerken height_auto\" id=\"cuts\"><div class=\"l-section-h i-cf\"><div class=\"g-cols vc_row via_flex valign_top type_default stacking_default\"><div class=\"vc_col-sm-2 wpb_column vc_column_container\"><div class=\"vc_column-inner\"><div class=\"vc_column-overlay\" style=\"background:#EDEDED\"><\/div><div class=\"wpb_wrapper\"><\/div><\/div><\/div><div class=\"vc_col-sm-10 wpb_column vc_column_container pad1\"><div class=\"vc_column-inner\"><div class=\"vc_column-overlay\" style=\"background:#EDEDED\"><\/div><div class=\"wpb_wrapper\"><div class=\"wpb_text_column\"><div class=\"wpb_wrapper\"><h3>Notre gamme de lait Pyrenees provenant d&rsquo;Espagne<\/h3>\n<p>La pr\u00e9cision de la d\u00e9coupe et du conditionnement en fait un produit pratique pour l&rsquo;usage quotidien du chef. En effet, il n&rsquo;y a pratiquement pas de d\u00e9chets ni de pertes de viande. Une efficacit\u00e9 sans compromis sur le go\u00fbt.  <\/p>\n<p><strong>Notre gamme comprend notamment :<\/strong><\/p>\n<\/div><\/div><div class=\"g-cols wpb_row nopad margtop30 via_flex valign_top type_default stacking_default\" style=\"--additional-gap:25px;\"><div class=\"vc_col-sm-4 wpb_column vc_column_container\"><div class=\"vc_column-inner\"><div class=\"wpb_wrapper\"><div class=\"wpb_text_column us_custom_492179a4 medium predots\"><div class=\"wpb_wrapper\"><p>M\u00e9daillon d&rsquo;agneau des Pyr\u00e9n\u00e9es<\/p>\n<\/div><\/div><div class=\"wpb_text_column light cut\"><div class=\"wpb_wrapper\"><p>R\u00e9f\u00e9rence n\u00b0 13611<\/p>\n<\/div><\/div><\/div><\/div><\/div><div class=\"vc_col-sm-4 wpb_column vc_column_container nopad\"><div class=\"vc_column-inner\"><div class=\"wpb_wrapper\"><div class=\"wpb_text_column us_custom_492179a4 medium predots\"><div class=\"wpb_wrapper\"><p>Agneau \u00ab Presa des Pyr\u00e9n\u00e9es \u00bb<\/p>\n<\/div><\/div><div class=\"wpb_text_column light cut\"><div class=\"wpb_wrapper\"><p>R\u00e9f\u00e9rence n\u00b0 137631<\/p>\n<\/div><\/div><\/div><\/div><\/div><div class=\"vc_col-sm-4 wpb_column vc_column_container\"><div class=\"vc_column-inner\"><div class=\"wpb_wrapper\"><div class=\"wpb_text_column us_custom_492179a4 medium predots\"><div class=\"wpb_wrapper\"><p>Filet d&rsquo;agneau des Pyr\u00e9n\u00e9es<\/p>\n<\/div><\/div><div class=\"wpb_text_column light cut\"><div class=\"wpb_wrapper\"><p>R\u00e9f\u00e9rence n\u00b0 13011<\/p>\n<\/div><\/div><\/div><\/div><\/div><div class=\"vc_col-sm-4 wpb_column vc_column_container\"><div class=\"vc_column-inner\"><div class=\"wpb_wrapper\"><div class=\"wpb_text_column us_custom_492179a4 medium predots\"><div class=\"wpb_wrapper\"><p>Agneau des Pyr\u00e9n\u00e9es, m\u00e2le, avec ou sans peau<\/p>\n<\/div><\/div><div class=\"wpb_text_column light cut\"><div class=\"wpb_wrapper\"><p>R\u00e9f\u00e9rence n\u00b0 13411<\/p>\n<\/div><\/div><\/div><\/div><\/div><div class=\"vc_col-sm-4 wpb_column vc_column_container\"><div class=\"vc_column-inner\"><div class=\"wpb_wrapper\"><div class=\"wpb_text_column us_custom_492179a4 medium predots\"><div class=\"wpb_wrapper\"><p>\u00c9paule d&rsquo;agneau (avec os) &#8211; agneau des Pyr\u00e9n\u00e9es<\/p>\n<\/div><\/div><div class=\"wpb_text_column light cut\"><div class=\"wpb_wrapper\"><p>R\u00e9f\u00e9rence n\u00b0 13811<\/p>\n<\/div><\/div><\/div><\/div><\/div><div class=\"vc_col-sm-4 wpb_column vc_column_container\"><div class=\"vc_column-inner\"><div class=\"wpb_wrapper\"><div class=\"wpb_text_column us_custom_492179a4 medium predots\"><div class=\"wpb_wrapper\"><p>\u00c9paule sans patte d&rsquo;agneau des Pyr\u00e9n\u00e9es<\/p>\n<\/div><\/div><div class=\"wpb_text_column light cut\"><div class=\"wpb_wrapper\"><p>R\u00e9f\u00e9rence n\u00b0 13821<\/p>\n<\/div><\/div><\/div><\/div><\/div><div class=\"vc_col-sm-4 wpb_column vc_column_container\"><div class=\"vc_column-inner\"><div class=\"wpb_wrapper\"><div class=\"wpb_text_column us_custom_492179a4 medium predots\"><div class=\"wpb_wrapper\"><p>Agneau des Pyr\u00e9n\u00e9es \u00e0 la fran\u00e7aise<\/p>\n<\/div><\/div><div class=\"wpb_text_column light cut\"><div class=\"wpb_wrapper\"><p>R\u00e9f\u00e9rence n\u00b0 13621<\/p>\n<\/div><\/div><\/div><\/div><\/div><\/div><\/div><\/div><\/div><\/div><\/div><\/section><section class=\"l-section wpb_row height_auto\"><div class=\"l-section-h i-cf\"><div class=\"g-cols vc_row via_flex valign_top type_default stacking_default\"><div class=\"vc_col-sm-12 wpb_column vc_column_container\"><div class=\"vc_column-inner\"><div class=\"wpb_wrapper\"><section class=\"l-section wpb_row height_large\"><div class=\"l-section-h i-cf\"><div class=\"g-cols vc_row via_flex valign_top type_default stacking_default\"><div class=\"vc_col-sm-3 wpb_column vc_column_container\"><div class=\"vc_column-inner\"><div class=\"wpb_wrapper\"><div class=\"wpb_text_column medium predots\"><div class=\"wpb_wrapper\"><p>VASTE ASSORTIMENT<\/p>\n<\/div><\/div><div class=\"wpb_text_column light\"><div class=\"wpb_wrapper\"><p>Produits internationaux soigneusement s\u00e9lectionn\u00e9s<\/p>\n<\/div><\/div><\/div><\/div><\/div><div class=\"vc_col-sm-3 wpb_column vc_column_container\"><div class=\"vc_column-inner\"><div class=\"wpb_wrapper\"><div class=\"wpb_text_column medium predots\"><div class=\"wpb_wrapper\"><p>LONGUE EXP\u00c9RIENCE<\/p>\n<\/div><\/div><div class=\"wpb_text_column light\"><div class=\"wpb_wrapper\"><p>Des d\u00e9coupes parfaites par les meilleurs chefs dans une entreprise familiale riche d\u2019une grande exp\u00e9rience<\/p>\n<\/div><\/div><\/div><\/div><\/div><div class=\"vc_col-sm-3 wpb_column vc_column_container\"><div class=\"vc_column-inner\"><div class=\"wpb_wrapper\"><div class=\"wpb_text_column medium predots\"><div class=\"wpb_wrapper\"><p>QUALIT\u00c9 ARTISANALE<\/p>\n<\/div><\/div><div class=\"wpb_text_column light\"><div class=\"wpb_wrapper\"><p>Certificats, partenaires et machines de pointe<\/p>\n<\/div><\/div><\/div><\/div><\/div><\/div><\/div><\/section>\n<\/div><\/div><\/div><\/div><\/div><\/section><section class=\"l-section wpb_row height_huge\"><div class=\"l-section-overlay\" style=\"background:#F0B747\"><\/div><div class=\"l-section-h i-cf\"><div class=\"g-cols vc_row via_flex valign_top type_default stacking_default\"><div class=\"vc_col-sm-12 wpb_column vc_column_container\"><div class=\"vc_column-inner\"><div class=\"wpb_wrapper\"><div class=\"g-cols wpb_row via_flex valign_top type_default stacking_default\" style=\"--additional-gap:1.5rem;\"><div class=\"vc_col-sm-6 wpb_column vc_column_container\"><div class=\"vc_column-inner\"><div class=\"wpb_wrapper\"><div class=\"wpb_text_column us_custom_6df4bc3a has_text_color\"><div class=\"wpb_wrapper\"><h4>Melklam, une ville au riche pass\u00e9 historique<\/h4>\n<\/div><\/div><div class=\"wpb_text_column light\"><div class=\"wpb_wrapper\"><p>Agnei Ib\u00e9rico est une viande d&rsquo;agneau de qualit\u00e9 sup\u00e9rieure, issue d&rsquo;une race autochtone de la r\u00e9gion espagnole d&rsquo;Aragon depuis plus de mille ans. Les agneaux sont \u00e9lev\u00e9s au pied des Pyr\u00e9n\u00e9es, dans un environnement calme et serein qui met en valeur leurs qualit\u00e9s naturelles. Le calme et l&rsquo;espace, gages de qualit\u00e9.  <\/p>\n<p>Dans leur cadre de vie paisible et verdoyant, les animaux se nourrissent d&rsquo;un m\u00e9lange soigneusement compos\u00e9 de lait maternel, de c\u00e9r\u00e9ales et de graines de tournesol. Le r\u00e9sultat ne fait aucun doute : la viande Agnei Ib\u00e9rico est exceptionnellement tendre, juteuse et, de surcro\u00eet, tr\u00e8s saine gr\u00e2ce \u00e0 sa teneur \u00e9lev\u00e9e en om\u00e9ga-3 et om\u00e9ga-6.<\/p>\n<\/div><\/div><div class=\"w-separator size_small\"><\/div><\/div><\/div><\/div><div class=\"vc_col-sm-6 wpb_column vc_column_container\"><div class=\"vc_column-inner\"><div class=\"wpb_wrapper\"><\/div><\/div><\/div><\/div><div class=\"g-cols wpb_row via_flex valign_top type_default stacking_default\" style=\"--additional-gap:1.5rem;\"><div class=\"vc_col-sm-6 vc_hidden-xs wpb_column vc_column_container\"><div class=\"vc_column-inner\"><div class=\"wpb_wrapper\"><div class=\"w-image has_ratio align_center\"><div class=\"w-image-h\"><div style=\"padding-bottom:146.9697%\"><\/div><img decoding=\"async\" width=\"1024\" height=\"712\" src=\"https:\/\/vanengelandt.com\/wp-content\/uploads\/2021\/02\/koken-vanengelandt-home-1-1024x712.jpg\" class=\"attachment-large size-large\" alt=\"Van Engelandt slagerij\" loading=\"lazy\" \/><\/div><\/div><div class=\"w-separator size_small\"><\/div><div class=\"wpb_text_column light\"><div class=\"wpb_wrapper\"><p><strong>La garantie de qualit\u00e9 d&rsquo;une marque reconnue<\/strong><\/p>\n<p>Le Pastores Group Oviaragon, une association espagnole r\u00e9put\u00e9e regroupant des sp\u00e9cialistes de la viande ovine et forte de plus de 40 ans d&rsquo;exp\u00e9rience, g\u00e8re le programme sp\u00e9cifique \u00ab Agnei Ib\u00e9rico \u00bb, qui garantit une qualit\u00e9 constante. <\/p>\n<p>Cette viande d&rsquo;agneau est particuli\u00e8rement appr\u00e9ci\u00e9e par de nombreux grands chefs espagnols pour sa tendret\u00e9 et sa saveur intense. Un produit qui s&rsquo;accorde aussi bien avec la cuisine classique qu&rsquo;avec la cuisine contemporaine.<\/p>\n<\/div><\/div><\/div><\/div><\/div><div class=\"vc_col-sm-6 wpb_column vc_column_container\"><div class=\"vc_column-inner\"><div class=\"wpb_wrapper\"><div class=\"w-image rightpicup has_ratio align_center\"><div class=\"w-image-h\"><div style=\"padding-bottom:146.9697%\"><\/div><img decoding=\"async\" width=\"1024\" height=\"682\" src=\"https:\/\/vanengelandt.com\/wp-content\/uploads\/2021\/02\/steak-peper-home-1-1024x682.jpg\" class=\"attachment-large size-large\" alt=\"Steak peper Van Engelandt slagerij\" loading=\"lazy\" \/><\/div><\/div><div class=\"w-separator size_medium\"><\/div><div class=\"wpb_text_column light\"><div class=\"wpb_wrapper\"><h3>Commandez du lait de vache des Pyr\u00e9n\u00e9es, en provenance d&rsquo;Espagne, chez Van Engelandt<\/h3>\n<p>Souhaitez-vous enrichir votre carte ou votre gamme de viandes avec Agnei Ib\u00e9rico, l&rsquo;exclusif agneau de lait des Pyr\u00e9n\u00e9es espagnoles ? Van Engelandt fournit ce produit haut de gamme aux bouchers, restaurants et supermarch\u00e9s dans toute la Belgique. N\u2019h\u00e9sitez pas \u00e0 nous contacter pour obtenir un devis sur mesure et d\u00e9couvrez pourquoi l\u2019Agnei Ib\u00e9rico figure de plus en plus souvent sur les meilleures cartes.<\/p>\n<\/div><\/div><div class=\"w-separator size_small\"><\/div><div class=\"w-btn-wrapper align_none\"><a class=\"w-btn us-btn-style_2 medium\" href=\"https:\/\/vanengelandt.com\/fr\/contact\/\"><span class=\"w-btn-label\">Contactez-nous<\/span><\/a><\/div><\/div><\/div><\/div><\/div><\/div><\/div><\/div><\/div><\/div><\/section><section class=\"l-section wpb_row height_auto\"><div class=\"l-section-h i-cf\"><div class=\"g-cols vc_row via_flex valign_top type_default stacking_default\"><div class=\"vc_col-sm-12 wpb_column vc_column_container\"><div class=\"vc_column-inner\"><div class=\"wpb_wrapper\"><section class=\"l-section wpb_row height_huge\"><div class=\"l-section-h i-cf\"><div class=\"g-cols vc_row via_flex valign_top type_default stacking_default\"><div class=\"vc_col-sm-2 wpb_column vc_column_container\"><div class=\"vc_column-inner\"><div class=\"wpb_wrapper\"><\/div><\/div><\/div><div class=\"vc_col-sm-10 wpb_column vc_column_container stretched\"><div class=\"vc_column-inner\"><div class=\"wpb_wrapper\"><div class=\"wpb_text_column\"><div class=\"wpb_wrapper\"><h4>De la viande fra\u00eeche pour<br \/>\nles supermarch\u00e9s et le secteur horeca<\/h4>\n<\/div><\/div><div class=\"g-cols wpb_row via_flex valign_top type_boxes stacking_default\"><div class=\"vc_col-sm-4 wpb_column vc_column_container has-link\"><div class=\"vc_column-inner\"><div class=\"wpb_wrapper\"><div class=\"wpb_text_column medium predots\"><div class=\"wpb_wrapper\"><p>SUPERMARCH\u00c9<\/p>\n<\/div><\/div><div class=\"wpb_text_column light\"><div class=\"wpb_wrapper\"><p>Offrez \u00e0 vos clients une large gamme de produits frais et de qualit\u00e9 qui leur donneront enti\u00e8re satisfaction.<\/p>\n<\/div><\/div><\/div><\/div><a title=\"Supermarkten\" href=\"http:\/\/vanengelandt.com\/fr\/supermarches\/\" class=\"vc_column-link smooth-scroll\"><\/a><\/div><div class=\"vc_col-sm-4 wpb_column vc_column_container has-link\"><div class=\"vc_column-inner\"><div class=\"wpb_wrapper\"><div class=\"wpb_text_column medium predots\"><div class=\"wpb_wrapper\"><p>PARTICULIERS<\/p>\n<\/div><\/div><div class=\"wpb_text_column light\"><div class=\"wpb_wrapper\"><p>Vous voulez proposer un d\u00e9licieux repas \u00e0 vos invit\u00e9s\u202f? Choisissez de la viande de la meilleure qualit\u00e9 et surprenez vos invit\u00e9s.<\/p>\n<\/div><\/div><\/div><\/div><a title=\"Groothandel\" href=\"http:\/\/vanengelandt.com\/fr\/particuliers\/\" class=\"vc_column-link smooth-scroll\"><\/a><\/div><div class=\"vc_col-sm-4 wpb_column vc_column_container has-link\"><div class=\"vc_column-inner\"><div class=\"wpb_wrapper\"><div class=\"wpb_text_column medium predots\"><div class=\"wpb_wrapper\"><p>BOUCHERIE<\/p>\n<\/div><\/div><div class=\"wpb_text_column light\"><div class=\"wpb_wrapper\"><p>Permettez \u00e0 vos clients de profiter au mieux de leurs cong\u00e9s ou de la saison des barbecues en d\u00e9gustant la viande Van Engelandt.<\/p>\n<\/div><\/div><\/div><\/div><a title=\"Slagers\" href=\"http:\/\/vanengelandt.com\/fr\/boucherie\/\" class=\"vc_column-link smooth-scroll\"><\/a><\/div><div class=\"vc_col-sm-4 wpb_column vc_column_container has-link\"><div class=\"vc_column-inner\"><div class=\"wpb_wrapper\"><div class=\"wpb_text_column medium predots\"><div class=\"wpb_wrapper\"><p>HORECA<\/p>\n<\/div><\/div><div class=\"wpb_text_column light\"><div class=\"wpb_wrapper\"><p>Pour une agr\u00e9able soir\u00e9e entre amis et en famille, proposez un beau morceau de viande qui fond en bouche.<\/p>\n<\/div><\/div><\/div><\/div><a title=\"Horeca\" href=\"http:\/\/vanengelandt.com\/fr\/horeca\/\" class=\"vc_column-link smooth-scroll\"><\/a><\/div><div class=\"vc_col-sm-4 wpb_column vc_column_container\"><div class=\"vc_column-inner\"><div class=\"wpb_wrapper\"><\/div><\/div><\/div><div class=\"vc_col-sm-4 wpb_column vc_column_container\"><div class=\"vc_column-inner\"><div class=\"wpb_wrapper\"><\/div><\/div><\/div><\/div><\/div><\/div><\/div><\/div><\/div><\/section>\n<\/div><\/div><\/div><\/div><\/div><\/section><section class=\"l-section wpb_row height_auto\"><div class=\"l-section-h i-cf\"><div class=\"g-cols vc_row via_flex valign_top type_default stacking_default\"><div class=\"vc_col-sm-1 wpb_column vc_column_container\"><div class=\"vc_column-inner\"><div class=\"vc_column-overlay\" style=\"background:#F0B747\"><\/div><div class=\"wpb_wrapper\"><\/div><\/div><\/div><div class=\"vc_col-sm-10 wpb_column vc_column_container pad1\"><div class=\"vc_column-inner\"><div class=\"vc_column-overlay\" style=\"background:#F0B747\"><\/div><div class=\"wpb_wrapper\"><div class=\"wpb_text_column us_custom_6df4bc3a has_text_color\"><div class=\"wpb_wrapper\"><h4>Lorsque le prix et la qualit\u00e9 sont importants, et que seul le meilleur est suffisant.<\/h4>\n<\/div><\/div><\/div><\/div><\/div><div class=\"vc_col-sm-1 wpb_column vc_column_container stretched\"><div class=\"vc_column-inner\"><div class=\"vc_column-overlay\" style=\"background:#F0B747\"><\/div><div class=\"wpb_wrapper\"><\/div><\/div><\/div><\/div><\/div><\/section>\n\n","protected":false},"excerpt":{"rendered":"Race laiti\u00e8re des Pyr\u00e9n\u00e9es, Espagne Agnei Ib\u00e9rico. Un nom synonyme d&rsquo;un savoir-faire s\u00e9culaire et d&rsquo;une saveur exceptionnelle. Cette viande d&rsquo;agneau provient d&rsquo;un mouton de race pure et sp\u00e9cialement s\u00e9lectionn\u00e9 des Pyr\u00e9n\u00e9es, appel\u00e9 \u00ab Rasa Aragonesa \u00bb. La viande de cet animal porte le nom d&rsquo;\u00ab Ib\u00e9rico \u00bb, en r\u00e9f\u00e9rence aux m\u00eames qualit\u00e9s exceptionnelles que la...","protected":false},"author":1,"featured_media":247,"parent":1509,"menu_order":3,"comment_status":"closed","ping_status":"closed","template":"","meta":{"_acf_changed":false,"footnotes":""},"categories":[44,45],"tags":[],"class_list":["post-1450","page","type-page","status-publish","has-post-thumbnail","hentry","category-lamsvlees-fr","category-onze-vleessoorten-fr"],"acf":[],"yoast_head":"<!-- This site is optimized with the Yoast SEO plugin v28.2 - https:\/\/yoast.com\/product\/yoast-seo-wordpress\/ -->\n<title>Lait de vache des Pyr\u00e9n\u00e9es en provenance d&#039;Espagne | Grossiste en viande Van Engelandt<\/title>\n<meta name=\"description\" content=\"Agnei Ib\u00e9rico : lait des Pyr\u00e9n\u00e9es provenant d&#039;Espagne, chez Van Engelandt. D&#039;une saveur raffin\u00e9e. Demandez d\u00e8s aujourd&#039;hui un devis sur mesure, sans engagement.\" \/>\n<meta name=\"robots\" content=\"index, follow, max-snippet:-1, max-image-preview:large, max-video-preview:-1\" \/>\n<link rel=\"canonical\" href=\"https:\/\/vanengelandt.com\/fr\/nos-viandes\/viande-dagneau\/agneau-de-lait-espagne\/\" \/>\n<meta property=\"og:locale\" content=\"fr_FR\" \/>\n<meta property=\"og:type\" content=\"article\" \/>\n<meta property=\"og:title\" content=\"Lait de vache des Pyr\u00e9n\u00e9es en provenance d&#039;Espagne | Grossiste en viande Van Engelandt\" \/>\n<meta property=\"og:description\" content=\"Agnei Ib\u00e9rico : lait des Pyr\u00e9n\u00e9es provenant d&#039;Espagne, chez Van Engelandt. D&#039;une saveur raffin\u00e9e. Demandez d\u00e8s aujourd&#039;hui un devis sur mesure, sans engagement.\" \/>\n<meta property=\"og:url\" content=\"https:\/\/vanengelandt.com\/fr\/nos-viandes\/viande-dagneau\/agneau-de-lait-espagne\/\" \/>\n<meta property=\"og:site_name\" content=\"Van Engelandt\" \/>\n<meta property=\"article:modified_time\" content=\"2026-09-01T12:48:17+00:00\" \/>\n<meta property=\"og:image\" content=\"https:\/\/vanengelandt.com\/wp-content\/uploads\/2021\/02\/Lam-Productshot-1.jpg\" \/>\n\t<meta property=\"og:image:width\" content=\"1347\" \/>\n\t<meta property=\"og:image:height\" content=\"1334\" \/>\n\t<meta property=\"og:image:type\" content=\"image\/jpeg\" \/>\n<meta name=\"twitter:card\" content=\"summary_large_image\" \/>\n<meta name=\"twitter:label1\" content=\"Dur\u00e9e de lecture est.\" \/>\n\t<meta name=\"twitter:data1\" content=\"2 minutes\" \/>\n<script type=\"application\/ld+json\" class=\"yoast-schema-graph\">{\"@context\":\"https:\\\/\\\/schema.org\",\"@graph\":[{\"@type\":\"WebPage\",\"@id\":\"https:\\\/\\\/vanengelandt.com\\\/fr\\\/nos-viandes\\\/viande-dagneau\\\/agneau-de-lait-espagne\\\/\",\"url\":\"https:\\\/\\\/vanengelandt.com\\\/fr\\\/nos-viandes\\\/viande-dagneau\\\/agneau-de-lait-espagne\\\/\",\"name\":\"Lait de vache des Pyr\u00e9n\u00e9es en provenance d'Espagne | Grossiste en viande Van Engelandt\",\"isPartOf\":{\"@id\":\"https:\\\/\\\/vanengelandt.com\\\/fr\\\/#website\"},\"primaryImageOfPage\":{\"@id\":\"https:\\\/\\\/vanengelandt.com\\\/fr\\\/nos-viandes\\\/viande-dagneau\\\/agneau-de-lait-espagne\\\/#primaryimage\"},\"image\":{\"@id\":\"https:\\\/\\\/vanengelandt.com\\\/fr\\\/nos-viandes\\\/viande-dagneau\\\/agneau-de-lait-espagne\\\/#primaryimage\"},\"thumbnailUrl\":\"https:\\\/\\\/vanengelandt.com\\\/wp-content\\\/uploads\\\/2021\\\/02\\\/Lam-Productshot-1.jpg\",\"datePublished\":\"2021-02-16T12:03:38+00:00\",\"dateModified\":\"2026-09-01T12:48:17+00:00\",\"description\":\"Agnei Ib\u00e9rico : lait des Pyr\u00e9n\u00e9es provenant d'Espagne, chez Van Engelandt. D'une saveur raffin\u00e9e. Demandez d\u00e8s aujourd'hui un devis sur mesure, sans engagement.\",\"breadcrumb\":{\"@id\":\"https:\\\/\\\/vanengelandt.com\\\/fr\\\/nos-viandes\\\/viande-dagneau\\\/agneau-de-lait-espagne\\\/#breadcrumb\"},\"inLanguage\":\"fr-BE\",\"potentialAction\":[{\"@type\":\"ReadAction\",\"target\":[\"https:\\\/\\\/vanengelandt.com\\\/fr\\\/nos-viandes\\\/viande-dagneau\\\/agneau-de-lait-espagne\\\/\"]}]},{\"@type\":\"ImageObject\",\"inLanguage\":\"fr-BE\",\"@id\":\"https:\\\/\\\/vanengelandt.com\\\/fr\\\/nos-viandes\\\/viande-dagneau\\\/agneau-de-lait-espagne\\\/#primaryimage\",\"url\":\"https:\\\/\\\/vanengelandt.com\\\/wp-content\\\/uploads\\\/2021\\\/02\\\/Lam-Productshot-1.jpg\",\"contentUrl\":\"https:\\\/\\\/vanengelandt.com\\\/wp-content\\\/uploads\\\/2021\\\/02\\\/Lam-Productshot-1.jpg\",\"width\":1347,\"height\":1334,\"caption\":\"Raw T-bone lamb steaks with seasonings on a black wooden surface\"},{\"@type\":\"BreadcrumbList\",\"@id\":\"https:\\\/\\\/vanengelandt.com\\\/fr\\\/nos-viandes\\\/viande-dagneau\\\/agneau-de-lait-espagne\\\/#breadcrumb\",\"itemListElement\":[{\"@type\":\"ListItem\",\"position\":1,\"name\":\"Home\",\"item\":\"https:\\\/\\\/vanengelandt.com\\\/fr\\\/\"},{\"@type\":\"ListItem\",\"position\":2,\"name\":\"Nos viandes\",\"item\":\"https:\\\/\\\/vanengelandt.com\\\/fr\\\/onze-vleessoorten\\\/\"},{\"@type\":\"ListItem\",\"position\":3,\"name\":\"Viande d&#8217;agneau\",\"item\":\"https:\\\/\\\/vanengelandt.com\\\/fr\\\/nos-viandes\\\/viande-dagneau\\\/\"},{\"@type\":\"ListItem\",\"position\":4,\"name\":\"Race laiti\u00e8re des Pyr\u00e9n\u00e9es, Espagne\"}]},{\"@type\":\"WebSite\",\"@id\":\"https:\\\/\\\/vanengelandt.com\\\/fr\\\/#website\",\"url\":\"https:\\\/\\\/vanengelandt.com\\\/fr\\\/\",\"name\":\"Van Engelandt\",\"description\":\"\",\"potentialAction\":[{\"@type\":\"SearchAction\",\"target\":{\"@type\":\"EntryPoint\",\"urlTemplate\":\"https:\\\/\\\/vanengelandt.com\\\/fr\\\/?s={search_term_string}\"},\"query-input\":{\"@type\":\"PropertyValueSpecification\",\"valueRequired\":true,\"valueName\":\"search_term_string\"}}],\"inLanguage\":\"fr-BE\"}]}<\/script>\n<!-- \/ Yoast SEO plugin. -->","yoast_head_json":{"title":"Lait de vache des Pyr\u00e9n\u00e9es en provenance d'Espagne | Grossiste en viande Van Engelandt","description":"Agnei Ib\u00e9rico : lait des Pyr\u00e9n\u00e9es provenant d'Espagne, chez Van Engelandt. D'une saveur raffin\u00e9e. Demandez d\u00e8s aujourd'hui un devis sur mesure, sans engagement.","robots":{"index":"index","follow":"follow","max-snippet":"max-snippet:-1","max-image-preview":"max-image-preview:large","max-video-preview":"max-video-preview:-1"},"canonical":"https:\/\/vanengelandt.com\/fr\/nos-viandes\/viande-dagneau\/agneau-de-lait-espagne\/","og_locale":"fr_FR","og_type":"article","og_title":"Lait de vache des Pyr\u00e9n\u00e9es en provenance d'Espagne | Grossiste en viande Van Engelandt","og_description":"Agnei Ib\u00e9rico : lait des Pyr\u00e9n\u00e9es provenant d'Espagne, chez Van Engelandt. D'une saveur raffin\u00e9e. Demandez d\u00e8s aujourd'hui un devis sur mesure, sans engagement.","og_url":"https:\/\/vanengelandt.com\/fr\/nos-viandes\/viande-dagneau\/agneau-de-lait-espagne\/","og_site_name":"Van Engelandt","article_modified_time":"2026-09-01T12:48:17+00:00","og_image":[{"width":1347,"height":1334,"url":"https:\/\/vanengelandt.com\/wp-content\/uploads\/2021\/02\/Lam-Productshot-1.jpg","type":"image\/jpeg"}],"twitter_card":"summary_large_image","twitter_misc":{"Dur\u00e9e de lecture est.":"2 minutes"},"schema":{"@context":"https:\/\/schema.org","@graph":[{"@type":"WebPage","@id":"https:\/\/vanengelandt.com\/fr\/nos-viandes\/viande-dagneau\/agneau-de-lait-espagne\/","url":"https:\/\/vanengelandt.com\/fr\/nos-viandes\/viande-dagneau\/agneau-de-lait-espagne\/","name":"Lait de vache des Pyr\u00e9n\u00e9es en provenance d'Espagne | Grossiste en viande Van Engelandt","isPartOf":{"@id":"https:\/\/vanengelandt.com\/fr\/#website"},"primaryImageOfPage":{"@id":"https:\/\/vanengelandt.com\/fr\/nos-viandes\/viande-dagneau\/agneau-de-lait-espagne\/#primaryimage"},"image":{"@id":"https:\/\/vanengelandt.com\/fr\/nos-viandes\/viande-dagneau\/agneau-de-lait-espagne\/#primaryimage"},"thumbnailUrl":"https:\/\/vanengelandt.com\/wp-content\/uploads\/2021\/02\/Lam-Productshot-1.jpg","datePublished":"2021-02-16T12:03:38+00:00","dateModified":"2026-09-01T12:48:17+00:00","description":"Agnei Ib\u00e9rico : lait des Pyr\u00e9n\u00e9es provenant d'Espagne, chez Van Engelandt. D'une saveur raffin\u00e9e. Demandez d\u00e8s aujourd'hui un devis sur mesure, sans engagement.","breadcrumb":{"@id":"https:\/\/vanengelandt.com\/fr\/nos-viandes\/viande-dagneau\/agneau-de-lait-espagne\/#breadcrumb"},"inLanguage":"fr-BE","potentialAction":[{"@type":"ReadAction","target":["https:\/\/vanengelandt.com\/fr\/nos-viandes\/viande-dagneau\/agneau-de-lait-espagne\/"]}]},{"@type":"ImageObject","inLanguage":"fr-BE","@id":"https:\/\/vanengelandt.com\/fr\/nos-viandes\/viande-dagneau\/agneau-de-lait-espagne\/#primaryimage","url":"https:\/\/vanengelandt.com\/wp-content\/uploads\/2021\/02\/Lam-Productshot-1.jpg","contentUrl":"https:\/\/vanengelandt.com\/wp-content\/uploads\/2021\/02\/Lam-Productshot-1.jpg","width":1347,"height":1334,"caption":"Raw T-bone lamb steaks with seasonings on a black wooden surface"},{"@type":"BreadcrumbList","@id":"https:\/\/vanengelandt.com\/fr\/nos-viandes\/viande-dagneau\/agneau-de-lait-espagne\/#breadcrumb","itemListElement":[{"@type":"ListItem","position":1,"name":"Home","item":"https:\/\/vanengelandt.com\/fr\/"},{"@type":"ListItem","position":2,"name":"Nos viandes","item":"https:\/\/vanengelandt.com\/fr\/onze-vleessoorten\/"},{"@type":"ListItem","position":3,"name":"Viande d&#8217;agneau","item":"https:\/\/vanengelandt.com\/fr\/nos-viandes\/viande-dagneau\/"},{"@type":"ListItem","position":4,"name":"Race laiti\u00e8re des Pyr\u00e9n\u00e9es, Espagne"}]},{"@type":"WebSite","@id":"https:\/\/vanengelandt.com\/fr\/#website","url":"https:\/\/vanengelandt.com\/fr\/","name":"Van Engelandt","description":"","potentialAction":[{"@type":"SearchAction","target":{"@type":"EntryPoint","urlTemplate":"https:\/\/vanengelandt.com\/fr\/?s={search_term_string}"},"query-input":{"@type":"PropertyValueSpecification","valueRequired":true,"valueName":"search_term_string"}}],"inLanguage":"fr-BE"}]}},"_links":{"self":[{"href":"https:\/\/vanengelandt.com\/fr\/wp-json\/wp\/v2\/pages\/1450","targetHints":{"allow":["GET"]}}],"collection":[{"href":"https:\/\/vanengelandt.com\/fr\/wp-json\/wp\/v2\/pages"}],"about":[{"href":"https:\/\/vanengelandt.com\/fr\/wp-json\/wp\/v2\/types\/page"}],"author":[{"embeddable":true,"href":"https:\/\/vanengelandt.com\/fr\/wp-json\/wp\/v2\/users\/1"}],"replies":[{"embeddable":true,"href":"https:\/\/vanengelandt.com\/fr\/wp-json\/wp\/v2\/comments?post=1450"}],"version-history":[{"count":9,"href":"https:\/\/vanengelandt.com\/fr\/wp-json\/wp\/v2\/pages\/1450\/revisions"}],"predecessor-version":[{"id":3605,"href":"https:\/\/vanengelandt.com\/fr\/wp-json\/wp\/v2\/pages\/1450\/revisions\/3605"}],"up":[{"embeddable":true,"href":"https:\/\/vanengelandt.com\/fr\/wp-json\/wp\/v2\/pages\/1509"}],"wp:featuredmedia":[{"embeddable":true,"href":"https:\/\/vanengelandt.com\/fr\/wp-json\/wp\/v2\/media\/247"}],"wp:attachment":[{"href":"https:\/\/vanengelandt.com\/fr\/wp-json\/wp\/v2\/media?parent=1450"}],"wp:term":[{"taxonomy":"category","embeddable":true,"href":"https:\/\/vanengelandt.com\/fr\/wp-json\/wp\/v2\/categories?post=1450"},{"taxonomy":"post_tag","embeddable":true,"href":"https:\/\/vanengelandt.com\/fr\/wp-json\/wp\/v2\/tags?post=1450"}],"curies":[{"name":"wp","href":"https:\/\/api.w.org\/{rel}","templated":true}]}}